{"id":17,"date":"2018-09-25T08:24:07","date_gmt":"2018-09-25T06:24:07","guid":{"rendered":"http:\/\/www.refuge-animaux-etretat.fr\/RefugeEtretat\/?page_id=17"},"modified":"2020-11-18T10:09:14","modified_gmt":"2020-11-18T09:09:14","slug":"page-daccueil","status":"publish","type":"page","link":"http:\/\/www.refuge-animaux-etretat.fr\/RefugeEtretat\/","title":{"rendered":"Page d&rsquo;accueil"},"content":{"rendered":"<div id=\"pl-17\"  class=\"panel-layout\" ><div id=\"pg-17-0\"  class=\"panel-grid panel-no-style\" ><div id=\"pgc-17-0-0\"  class=\"panel-grid-cell\" ><div id=\"panel-17-0-0-0\" class=\"so-panel widget widget_siteorigin-panels-builder panel-first-child panel-last-child\" data-index=\"0\" ><div class=\"Coord panel-widget-style panel-widget-style-for-17-0-0-0\" ><div id=\"pl-w5c3378fda7905\"  class=\"panel-layout\" ><div id=\"pg-w5c3378fda7905-0\"  class=\"panel-grid panel-no-style\" ><div id=\"pgc-w5c3378fda7905-0-0\"  class=\"panel-grid-cell\" ><div id=\"panel-w5c3378fda7905-0-0-0\" class=\"so-panel widget widget_sow-editor panel-first-child\" data-index=\"0\" ><div class=\"panel-widget-style panel-widget-style-for-w5c3378fda7905-0-0-0\" ><div class=\"so-widget-sow-editor so-widget-sow-editor-base\">\n<div class=\"siteorigin-widget-tinymce textwidget\">\n\t<h2>Le Refuge d'Etretat <span style=\"font-family: ubuntu; font-size: 20px;\">ABEC<\/span><\/h2>\n<hr class=\"symple-divider dashed \" style=\"margin-top: 25px;margin-bottom: 25px;\" \/>\n<p>&nbsp;<\/p>\n<p style=\"text-align: justify;\">Bienvenue ! Le refuge est ouvert du lundi au samedi\u00a0de 14H \u00e0 16h30.<\/p>\n<p style=\"text-align: justify;\">Si vous ne pouvez pas vous rendre au refuge pendant les heures d'ouvertures, nous pouvons n\u00e9anmoins \u00eatre pr\u00e9sent le matin, et \u00e9galement le dimanche sur rendez-vous.<\/p>\n<\/div>\n<\/div><\/div><\/div><div id=\"panel-w5c3378fda7905-0-0-1\" class=\"so-panel widget widget_sow-editor panel-last-child\" data-index=\"1\" ><div class=\"so-widget-sow-editor so-widget-sow-editor-base\">\n<div class=\"siteorigin-widget-tinymce textwidget\">\n\t<div class=\"phone_call\"><span class=\"symple-icon symple-icon-circle symple-icon-small symple-icon-float-left fa fa-phone symple-fadein\" style=\"color:#81cb91;background-color:#fff;border-radius:99px;\"\"><\/span><span style=\"line-height: 1; color: #fff; font-weight: bold;\">06 70 96 17 21<\/span><\/div>\n<\/div>\n<\/div><\/div><\/div><div id=\"pgc-w5c3378fda7905-0-1\"  class=\"panel-grid-cell\" ><div id=\"panel-w5c3378fda7905-0-1-0\" class=\"so-panel widget widget_sow-slider panel-first-child panel-last-child\" data-index=\"2\" ><div class=\"so-widget-sow-slider so-widget-sow-slider-default-abf3e628296a\"><div class=\"sow-slider-base \" style=\"display: none\"><ul class=\"sow-slider-images\" data-settings=\"{&quot;pagination&quot;:true,&quot;speed&quot;:800,&quot;timeout&quot;:8000,&quot;paused&quot;:false,&quot;pause_on_hover&quot;:false,&quot;swipe&quot;:true,&quot;nav_always_show_mobile&quot;:&quot;&quot;,&quot;breakpoint&quot;:&quot;780px&quot;}\">\t\t<li class=\"sow-slider-image  sow-slider-image-cover\" style=\"background-image: url(http:\/\/www.refuge-animaux-etretat.fr\/RefugeEtretat\/wp-content\/uploads\/2018\/09\/image_content_21173460_20161005214217.jpg)\" >\n\t\t\t\t\t\t\t\t\t<img width=\"1500\" height=\"929\" src=\"http:\/\/www.refuge-animaux-etretat.fr\/RefugeEtretat\/wp-content\/uploads\/2018\/09\/image_content_21173460_20161005214217.jpg\" class=\"sow-slider-background-image\" alt=\"\" loading=\"1\" srcset=\"http:\/\/www.refuge-animaux-etretat.fr\/RefugeEtretat\/wp-content\/uploads\/2018\/09\/image_content_21173460_20161005214217.jpg 1500w, http:\/\/www.refuge-animaux-etretat.fr\/RefugeEtretat\/wp-content\/uploads\/2018\/09\/image_content_21173460_20161005214217-300x186.jpg 300w, http:\/\/www.refuge-animaux-etretat.fr\/RefugeEtretat\/wp-content\/uploads\/2018\/09\/image_content_21173460_20161005214217-768x476.jpg 768w, http:\/\/www.refuge-animaux-etretat.fr\/RefugeEtretat\/wp-content\/uploads\/2018\/09\/image_content_21173460_20161005214217-1024x634.jpg 1024w, http:\/\/www.refuge-animaux-etretat.fr\/RefugeEtretat\/wp-content\/uploads\/2018\/09\/image_content_21173460_20161005214217-400x248.jpg 400w, http:\/\/www.refuge-animaux-etretat.fr\/RefugeEtretat\/wp-content\/uploads\/2018\/09\/image_content_21173460_20161005214217-969x600.jpg 969w\" sizes=\"(max-width: 1500px) 100vw, 1500px\" \/>\t\t\t\t\t\t\t\t<\/li>\n\t\t\t\t<li class=\"sow-slider-image  sow-slider-image-cover\" style=\"background-image: url(http:\/\/www.refuge-animaux-etretat.fr\/RefugeEtretat\/wp-content\/uploads\/2018\/09\/image_content_22475360_20170727212244.jpg)\" >\n\t\t\t\t\t\t\t\t\t<img width=\"1500\" height=\"937\" src=\"http:\/\/www.refuge-animaux-etretat.fr\/RefugeEtretat\/wp-content\/uploads\/2018\/09\/image_content_22475360_20170727212244.jpg\" class=\"sow-slider-background-image\" alt=\"\" loading=\"1\" srcset=\"http:\/\/www.refuge-animaux-etretat.fr\/RefugeEtretat\/wp-content\/uploads\/2018\/09\/image_content_22475360_20170727212244.jpg 1500w, http:\/\/www.refuge-animaux-etretat.fr\/RefugeEtretat\/wp-content\/uploads\/2018\/09\/image_content_22475360_20170727212244-300x187.jpg 300w, http:\/\/www.refuge-animaux-etretat.fr\/RefugeEtretat\/wp-content\/uploads\/2018\/09\/image_content_22475360_20170727212244-768x480.jpg 768w, http:\/\/www.refuge-animaux-etretat.fr\/RefugeEtretat\/wp-content\/uploads\/2018\/09\/image_content_22475360_20170727212244-1024x640.jpg 1024w, http:\/\/www.refuge-animaux-etretat.fr\/RefugeEtretat\/wp-content\/uploads\/2018\/09\/image_content_22475360_20170727212244-400x250.jpg 400w, http:\/\/www.refuge-animaux-etretat.fr\/RefugeEtretat\/wp-content\/uploads\/2018\/09\/image_content_22475360_20170727212244-961x600.jpg 961w\" sizes=\"(max-width: 1500px) 100vw, 1500px\" \/>\t\t\t\t\t\t\t\t<\/li>\n\t\t<\/ul>\t\t\t\t<ol class=\"sow-slider-pagination\">\n\t\t\t\t\t\t\t\t\t\t\t<li><a href=\"#\" data-goto=\"0\" aria-label=\"afficher la diapositive 1\"><\/a><\/li>\n\t\t\t\t\t\t\t\t\t\t\t<li><a href=\"#\" data-goto=\"1\" aria-label=\"afficher la diapositive 2\"><\/a><\/li>\n\t\t\t\t\t\t\t\t\t<\/ol>\n\n\t\t\t\t<div class=\"sow-slide-nav sow-slide-nav-next\">\n\t\t\t\t\t<a href=\"#\" data-goto=\"next\" aria-label=\"diapositive suivante\" data-action=\"next\">\n\t\t\t\t\t\t<em class=\"sow-sld-icon-thin-right\"><\/em>\n\t\t\t\t\t<\/a>\n\t\t\t\t<\/div>\n\n\t\t\t\t<div class=\"sow-slide-nav sow-slide-nav-prev\">\n\t\t\t\t\t<a href=\"#\" data-goto=\"previous\" aria-label=\"diapositive pr\u00e9c\u00e9dente\" data-action=\"prev\">\n\t\t\t\t\t\t<em class=\"sow-sld-icon-thin-left\"><\/em>\n\t\t\t\t\t<\/a>\n\t\t\t\t<\/div>\n\t\t\t\t<\/div><\/div><\/div><\/div><\/div><div id=\"pg-w5c3378fda7905-1\"  class=\"panel-grid panel-no-style\" ><div id=\"pgc-w5c3378fda7905-1-0\"  class=\"panel-grid-cell\" ><div id=\"panel-w5c3378fda7905-1-0-0\" class=\"so-panel widget widget_sow-editor panel-first-child panel-last-child\" data-index=\"3\" ><div class=\"so-widget-sow-editor so-widget-sow-editor-base\">\n<div class=\"siteorigin-widget-tinymce textwidget\">\n\t<p>&nbsp;<\/p>\n<\/div>\n<\/div><\/div><\/div><\/div><\/div><\/div><\/div><\/div><\/div><div id=\"pg-17-1\"  class=\"panel-grid panel-no-style\" ><div id=\"pgc-17-1-0\"  class=\"panel-grid-cell\" ><div id=\"panel-17-1-0-0\" class=\"so-panel widget widget_sow-editor panel-first-child panel-last-child\" data-index=\"1\" ><div class=\"so-widget-sow-editor so-widget-sow-editor-base\">\n<div class=\"siteorigin-widget-tinymce textwidget\">\n\t<p>&nbsp;<br \/>\n&nbsp;<\/p>\n<p style=\"text-align: center;\"><span style=\"color: #ffc400; font-size: 20px; text-align: center;\">Communiqu\u00e9 de la Conf\u00e9d\u00e9ration Nationale - D\u00e9fense de l'animal :<\/span><\/p>\n<p style=\"text-align: center;\"><span style=\"font-size: 20px;\">Les associations ind\u00e9pendantes d\u00e9noncent les man\u0153uvres de la SPA<\/span><\/p>\n<\/div>\n<\/div><\/div><\/div><div id=\"pgc-17-1-1\"  class=\"panel-grid-cell\" ><div id=\"panel-17-1-1-0\" class=\"so-panel widget widget_sow-editor panel-first-child panel-last-child\" data-index=\"2\" ><div class=\"com-a panel-widget-style panel-widget-style-for-17-1-1-0\" ><div class=\"so-widget-sow-editor so-widget-sow-editor-base\">\n<div class=\"siteorigin-widget-tinymce textwidget\">\n\t<p>&nbsp;<br \/>\n&nbsp;<br \/>\n&nbsp;<\/p>\n<div class=\"pt-cv-title a\" style=\"text-align: center;\"><a href=\"http:\/\/www.refuge-animaux-etretat.fr\/RefugeEtretat\/Com-de-presse.pdf\" target=\"_blank\" rel=\"noopener noreferrer\">Lire le communiqu\u00e9 de presse<\/a><\/div>\n<p>&nbsp;<\/p>\n<\/div>\n<\/div><\/div><\/div><\/div><\/div><div id=\"pg-17-2\"  class=\"panel-grid panel-no-style\" ><div id=\"pgc-17-2-0\"  class=\"panel-grid-cell\" ><div id=\"panel-17-2-0-0\" class=\"so-panel widget widget_sow-editor panel-first-child panel-last-child\" data-index=\"3\" ><div class=\"so-widget-sow-editor so-widget-sow-editor-base\">\n<div class=\"siteorigin-widget-tinymce textwidget\">\n\t<hr class=\"symple-divider dashed \" style=\"margin-top: 25px;margin-bottom: 25px;\" \/>\n<\/div>\n<\/div><\/div><\/div><\/div><div id=\"pg-17-3\"  class=\"panel-grid panel-no-style\" ><div id=\"pgc-17-3-0\"  class=\"panel-grid-cell\" ><div id=\"panel-17-3-0-0\" class=\"so-panel widget widget_sow-editor panel-first-child panel-last-child\" data-index=\"4\" ><div class=\"so-widget-sow-editor so-widget-sow-editor-base\">\n<div class=\"siteorigin-widget-tinymce textwidget\">\n\t<h3>Nos pensionnaires \u00e0 adopter<\/h3>\n<div class=\"pt-cv-wrapper\">\n<div class=\"pt-cv-view pt-cv-grid pt-cv-colsys\" id=\"pt-cv-view-61f18e348b\">\n<div data-id=\"pt-cv-page-1\" class=\"pt-cv-page\" data-cvc=\"3\">\n<div class=\"col-md-4 col-sm-6 col-xs-12 pt-cv-content-item pt-cv-1-col\" >\n<div class='pt-cv-ifield'><a href=\"http:\/\/www.refuge-animaux-etretat.fr\/RefugeEtretat\/atoll\/\" class=\"_self pt-cv-href-thumbnail pt-cv-thumb-default\" target=\"_self\" ><img width=\"975\" height=\"981\" src=\"http:\/\/www.refuge-animaux-etretat.fr\/RefugeEtretat\/wp-content\/uploads\/2026\/04\/IMG_5723-1.jpg\" class=\"pt-cv-thumbnail\" alt=\"\" loading=\"lazy\" srcset=\"http:\/\/www.refuge-animaux-etretat.fr\/RefugeEtretat\/wp-content\/uploads\/2026\/04\/IMG_5723-1.jpg 975w, http:\/\/www.refuge-animaux-etretat.fr\/RefugeEtretat\/wp-content\/uploads\/2026\/04\/IMG_5723-1-298x300.jpg 298w, http:\/\/www.refuge-animaux-etretat.fr\/RefugeEtretat\/wp-content\/uploads\/2026\/04\/IMG_5723-1-150x150.jpg 150w, http:\/\/www.refuge-animaux-etretat.fr\/RefugeEtretat\/wp-content\/uploads\/2026\/04\/IMG_5723-1-768x773.jpg 768w\" sizes=\"(max-width: 975px) 100vw, 975px\" \/><\/a><\/p>\n<h4 class=\"pt-cv-title\"><a href=\"http:\/\/www.refuge-animaux-etretat.fr\/RefugeEtretat\/atoll\/\" class=\"_self\" target=\"_self\" >ATOLL<\/a><\/h4>\n<div class=\"pt-cv-content\"><a href=\"http:\/\/www.refuge-animaux-etretat.fr\/RefugeEtretat\/atoll\/\" class=\"_self pt-cv-readmore btn btn-success\" target=\"_self\">En savoir plus ...<\/a><\/div>\n<\/div>\n<\/div>\n<div class=\"col-md-4 col-sm-6 col-xs-12 pt-cv-content-item pt-cv-1-col\" >\n<div class='pt-cv-ifield'><a href=\"http:\/\/www.refuge-animaux-etretat.fr\/RefugeEtretat\/newton\/\" class=\"_self pt-cv-href-thumbnail pt-cv-thumb-default\" target=\"_self\" ><img width=\"524\" height=\"1024\" src=\"http:\/\/www.refuge-animaux-etretat.fr\/RefugeEtretat\/wp-content\/uploads\/2026\/04\/IMG_5719-524x1024.jpg\" class=\"pt-cv-thumbnail\" alt=\"\" loading=\"lazy\" srcset=\"http:\/\/www.refuge-animaux-etretat.fr\/RefugeEtretat\/wp-content\/uploads\/2026\/04\/IMG_5719-524x1024.jpg 524w, http:\/\/www.refuge-animaux-etretat.fr\/RefugeEtretat\/wp-content\/uploads\/2026\/04\/IMG_5719-153x300.jpg 153w, http:\/\/www.refuge-animaux-etretat.fr\/RefugeEtretat\/wp-content\/uploads\/2026\/04\/IMG_5719-768x1502.jpg 768w, http:\/\/www.refuge-animaux-etretat.fr\/RefugeEtretat\/wp-content\/uploads\/2026\/04\/IMG_5719-785x1536.jpg 785w, http:\/\/www.refuge-animaux-etretat.fr\/RefugeEtretat\/wp-content\/uploads\/2026\/04\/IMG_5719.jpg 976w\" sizes=\"(max-width: 524px) 100vw, 524px\" \/><\/a><\/p>\n<h4 class=\"pt-cv-title\"><a href=\"http:\/\/www.refuge-animaux-etretat.fr\/RefugeEtretat\/newton\/\" class=\"_self\" target=\"_self\" >NEWTON<\/a><\/h4>\n<div class=\"pt-cv-content\"><a href=\"http:\/\/www.refuge-animaux-etretat.fr\/RefugeEtretat\/newton\/\" class=\"_self pt-cv-readmore btn btn-success\" target=\"_self\">En savoir plus ...<\/a><\/div>\n<\/div>\n<\/div>\n<div class=\"col-md-4 col-sm-6 col-xs-12 pt-cv-content-item pt-cv-1-col\" >\n<div class='pt-cv-ifield'><a href=\"http:\/\/www.refuge-animaux-etretat.fr\/RefugeEtretat\/vaillant\/\" class=\"_self pt-cv-href-thumbnail pt-cv-thumb-default\" target=\"_self\" ><img width=\"1024\" height=\"657\" src=\"http:\/\/www.refuge-animaux-etretat.fr\/RefugeEtretat\/wp-content\/uploads\/2026\/04\/IMG_5716-1024x657.jpg\" class=\"pt-cv-thumbnail\" alt=\"\" loading=\"lazy\" srcset=\"http:\/\/www.refuge-animaux-etretat.fr\/RefugeEtretat\/wp-content\/uploads\/2026\/04\/IMG_5716-1024x657.jpg 1024w, http:\/\/www.refuge-animaux-etretat.fr\/RefugeEtretat\/wp-content\/uploads\/2026\/04\/IMG_5716-300x192.jpg 300w, http:\/\/www.refuge-animaux-etretat.fr\/RefugeEtretat\/wp-content\/uploads\/2026\/04\/IMG_5716-768x493.jpg 768w, http:\/\/www.refuge-animaux-etretat.fr\/RefugeEtretat\/wp-content\/uploads\/2026\/04\/IMG_5716.jpg 1247w\" sizes=\"(max-width: 1024px) 100vw, 1024px\" \/><\/a><\/p>\n<h4 class=\"pt-cv-title\"><a href=\"http:\/\/www.refuge-animaux-etretat.fr\/RefugeEtretat\/vaillant\/\" class=\"_self\" target=\"_self\" >VAILLANT<\/a><\/h4>\n<div class=\"pt-cv-content\"><a href=\"http:\/\/www.refuge-animaux-etretat.fr\/RefugeEtretat\/vaillant\/\" class=\"_self pt-cv-readmore btn btn-success\" target=\"_self\">En savoir plus ...<\/a><\/div>\n<\/div>\n<\/div>\n<div class=\"col-md-4 col-sm-6 col-xs-12 pt-cv-content-item pt-cv-1-col\" >\n<div class='pt-cv-ifield'><a href=\"http:\/\/www.refuge-animaux-etretat.fr\/RefugeEtretat\/kane\/\" class=\"_self pt-cv-href-thumbnail pt-cv-thumb-default\" target=\"_self\" ><img width=\"720\" height=\"960\" src=\"http:\/\/www.refuge-animaux-etretat.fr\/RefugeEtretat\/wp-content\/uploads\/2026\/04\/IMG_5712.jpg\" class=\"pt-cv-thumbnail\" alt=\"\" loading=\"lazy\" srcset=\"http:\/\/www.refuge-animaux-etretat.fr\/RefugeEtretat\/wp-content\/uploads\/2026\/04\/IMG_5712.jpg 720w, http:\/\/www.refuge-animaux-etretat.fr\/RefugeEtretat\/wp-content\/uploads\/2026\/04\/IMG_5712-225x300.jpg 225w\" sizes=\"(max-width: 720px) 100vw, 720px\" \/><\/a><\/p>\n<h4 class=\"pt-cv-title\"><a href=\"http:\/\/www.refuge-animaux-etretat.fr\/RefugeEtretat\/kane\/\" class=\"_self\" target=\"_self\" >KANE<\/a><\/h4>\n<div class=\"pt-cv-content\"><a href=\"http:\/\/www.refuge-animaux-etretat.fr\/RefugeEtretat\/kane\/\" class=\"_self pt-cv-readmore btn btn-success\" target=\"_self\">En savoir plus ...<\/a><\/div>\n<\/div>\n<\/div>\n<div class=\"col-md-4 col-sm-6 col-xs-12 pt-cv-content-item pt-cv-1-col\" >\n<div class='pt-cv-ifield'><a href=\"http:\/\/www.refuge-animaux-etretat.fr\/RefugeEtretat\/xena\/\" class=\"_self pt-cv-href-thumbnail pt-cv-thumb-default\" target=\"_self\" ><img width=\"674\" height=\"1024\" src=\"http:\/\/www.refuge-animaux-etretat.fr\/RefugeEtretat\/wp-content\/uploads\/2026\/04\/IMG_5591-674x1024.jpg\" class=\"pt-cv-thumbnail\" alt=\"\" loading=\"lazy\" srcset=\"http:\/\/www.refuge-animaux-etretat.fr\/RefugeEtretat\/wp-content\/uploads\/2026\/04\/IMG_5591-674x1024.jpg 674w, http:\/\/www.refuge-animaux-etretat.fr\/RefugeEtretat\/wp-content\/uploads\/2026\/04\/IMG_5591-197x300.jpg 197w, http:\/\/www.refuge-animaux-etretat.fr\/RefugeEtretat\/wp-content\/uploads\/2026\/04\/IMG_5591-768x1167.jpg 768w, http:\/\/www.refuge-animaux-etretat.fr\/RefugeEtretat\/wp-content\/uploads\/2026\/04\/IMG_5591-1011x1536.jpg 1011w, http:\/\/www.refuge-animaux-etretat.fr\/RefugeEtretat\/wp-content\/uploads\/2026\/04\/IMG_5591.jpg 1348w\" sizes=\"(max-width: 674px) 100vw, 674px\" \/><\/a><\/p>\n<h4 class=\"pt-cv-title\"><a href=\"http:\/\/www.refuge-animaux-etretat.fr\/RefugeEtretat\/xena\/\" class=\"_self\" target=\"_self\" >XENA<\/a><\/h4>\n<div class=\"pt-cv-content\"><a href=\"http:\/\/www.refuge-animaux-etretat.fr\/RefugeEtretat\/xena\/\" class=\"_self pt-cv-readmore btn btn-success\" target=\"_self\">En savoir plus ...<\/a><\/div>\n<\/div>\n<\/div>\n<div class=\"col-md-4 col-sm-6 col-xs-12 pt-cv-content-item pt-cv-1-col\" >\n<div class='pt-cv-ifield'><a href=\"http:\/\/www.refuge-animaux-etretat.fr\/RefugeEtretat\/arlow\/\" class=\"_self pt-cv-href-thumbnail pt-cv-thumb-default\" target=\"_self\" ><img width=\"731\" height=\"1024\" src=\"http:\/\/www.refuge-animaux-etretat.fr\/RefugeEtretat\/wp-content\/uploads\/2026\/03\/IMG_5566-731x1024.jpg\" class=\"pt-cv-thumbnail\" alt=\"\" loading=\"lazy\" srcset=\"http:\/\/www.refuge-animaux-etretat.fr\/RefugeEtretat\/wp-content\/uploads\/2026\/03\/IMG_5566-731x1024.jpg 731w, http:\/\/www.refuge-animaux-etretat.fr\/RefugeEtretat\/wp-content\/uploads\/2026\/03\/IMG_5566-214x300.jpg 214w, http:\/\/www.refuge-animaux-etretat.fr\/RefugeEtretat\/wp-content\/uploads\/2026\/03\/IMG_5566-768x1075.jpg 768w, http:\/\/www.refuge-animaux-etretat.fr\/RefugeEtretat\/wp-content\/uploads\/2026\/03\/IMG_5566.jpg 827w\" sizes=\"(max-width: 731px) 100vw, 731px\" \/><\/a><\/p>\n<h4 class=\"pt-cv-title\"><a href=\"http:\/\/www.refuge-animaux-etretat.fr\/RefugeEtretat\/arlow\/\" class=\"_self\" target=\"_self\" >ARLOW<\/a><\/h4>\n<div class=\"pt-cv-content\"><a href=\"http:\/\/www.refuge-animaux-etretat.fr\/RefugeEtretat\/arlow\/\" class=\"_self pt-cv-readmore btn btn-success\" target=\"_self\">En savoir plus ...<\/a><\/div>\n<\/div>\n<\/div>\n<\/div>\n<\/div>\n<div class=\" pt-cv-pagination-wrapper\">\n<ul class=\"pt-cv-pagination pt-cv-ajax pagination\" data-totalpages=\"3\" data-currentpage=\"1\" data-sid=\"61f18e348b\" data-unid=\"\">\n<li class=\"active\"><a href=\"#\">1<\/a><\/li>\n<li ><a class=\"\" href=\"http:\/\/www.refuge-animaux-etretat.fr\/RefugeEtretat\/wp-json\/wp\/v2\/pages\/17\/?_page=2\">2<\/a><\/li>\n<li ><a class=\"\" href=\"http:\/\/www.refuge-animaux-etretat.fr\/RefugeEtretat\/wp-json\/wp\/v2\/pages\/17\/?_page=3\">3<\/a><\/li>\n<li ><a class=\" \" href=\"http:\/\/www.refuge-animaux-etretat.fr\/RefugeEtretat\/wp-json\/wp\/v2\/pages\/17\/?_page=2\">&rsaquo;<\/a><\/li>\n<\/ul>\n<p><img width=\"15\" height=\"15\" class=\"pt-cv-spinner\" alt=\"Chargement\u2026\" src=\"data:image\/gif;base64,R0lGODlhDwAPALMPAMrKygwMDJOTkz09PZWVla+vr3p6euTk5M7OzuXl5TMzMwAAAJmZmWZmZszMzP\/\/\/yH\/C05FVFNDQVBFMi4wAwEAAAAh+QQFCgAPACwAAAAADwAPAAAEQvDJaZaZOIcV8iQK8VRX4iTYoAwZ4iCYoAjZ4RxejhVNoT+mRGP4cyF4Pp0N98sBGIBMEMOotl6YZ3S61Bmbkm4mAgAh+QQFCgAPACwAAAAADQANAAAENPDJSRSZeA418itN8QiK8BiLITVsFiyBBIoYqnoewAD4xPw9iY4XLGYSjkQR4UAUD45DLwIAIfkEBQoADwAsAAAAAA8ACQAABC\/wyVlamTi3nSdgwFNdhEJgTJoNyoB9ISYoQmdjiZPcj7EYCAeCF1gEDo4Dz2eIAAAh+QQFCgAPACwCAAAADQANAAAEM\/DJBxiYeLKdX3IJZT1FU0iIg2RNKx3OkZVnZ98ToRD4MyiDnkAh6BkNC0MvsAj0kMpHBAAh+QQFCgAPACwGAAAACQAPAAAEMDC59KpFDll73HkAA2wVY5KgiK5b0RRoI6MuzG6EQqCDMlSGheEhUAgqgUUAFRySIgAh+QQFCgAPACwCAAIADQANAAAEM\/DJKZNLND\/kkKaHc3xk+QAMYDKsiaqmZCxGVjSFFCxB1vwy2oOgIDxuucxAMTAJFAJNBAAh+QQFCgAPACwAAAYADwAJAAAEMNAs86q1yaWwwv2Ig0jUZx3OYa4XoRAfwADXoAwfo1+CIjyFRuEho60aSNYlOPxEAAAh+QQFCgAPACwAAAIADQANAAAENPA9s4y8+IUVcqaWJ4qEQozSoAzoIyhCK2NFU2SJk0hNnyEOhKR2AzAAj4Pj4GE4W0bkJQIAOw==\" \/><\/p>\n<div class=\"clear pt-cv-clear-pagination\"><\/div>\n<\/div>\n<\/div>\n<div class=\"P-button\"><a href=\"http:\/\/www.refuge-animaux-etretat.fr\/RefugeEtretat\/a-ladoption\/\">Voir tous les chiens \u00e0 l'adoption<\/a><\/div>\n<\/div>\n<\/div><\/div><\/div><\/div><div id=\"pg-17-4\"  class=\"panel-grid panel-no-style\" ><div id=\"pgc-17-4-0\"  class=\"panel-grid-cell panel-grid-cell-empty\" ><\/div><\/div><\/div>","protected":false},"excerpt":{"rendered":"<p>&nbsp; &nbsp; Communiqu\u00e9 de la Conf\u00e9d\u00e9ration Nationale &#8211; D\u00e9fense de l&rsquo;animal : Les associations ind\u00e9pendantes d\u00e9noncent les man\u0153uvres de la SPA &nbsp; &nbsp; &nbsp; Lire le communiqu\u00e9 de presse &nbsp;<\/p>\n","protected":false},"author":1,"featured_media":0,"parent":0,"menu_order":0,"comment_status":"closed","ping_status":"closed","template":"","meta":[],"yoast_head":"<!-- This site is optimized with the Yoast SEO plugin v15.3 - https:\/\/yoast.com\/wordpress\/plugins\/seo\/ -->\n<title>Refuge d&#039;Etretat | Accueil<\/title>\n<meta name=\"description\" content=\"Refuge pour chiens situ\u00e9 \u00e0 Etretat, rue du Colonel Raynal.\" \/>\n<meta name=\"robots\" content=\"index, follow, max-snippet:-1, max-image-preview:large, max-video-preview:-1\" \/>\n<link rel=\"canonical\" href=\"http:\/\/www.refuge-animaux-etretat.fr\/RefugeEtretat\/\" \/>\n<meta property=\"og:locale\" content=\"fr_FR\" \/>\n<meta property=\"og:type\" content=\"article\" \/>\n<meta property=\"og:title\" content=\"Refuge d&#039;Etretat | Accueil\" \/>\n<meta property=\"og:description\" content=\"Refuge pour chiens situ\u00e9 \u00e0 Etretat, rue du Colonel Raynal.\" \/>\n<meta property=\"og:url\" content=\"http:\/\/www.refuge-animaux-etretat.fr\/RefugeEtretat\/\" \/>\n<meta property=\"og:site_name\" content=\"Refuge d&#039;Etretat\" \/>\n<meta property=\"article:modified_time\" content=\"2020-11-18T09:09:14+00:00\" \/>\n<meta name=\"twitter:card\" content=\"summary_large_image\" \/>\n<meta name=\"twitter:label1\" content=\"\u00c9crit par\">\n\t<meta name=\"twitter:data1\" content=\"Refuge Etretat\">\n\t<meta name=\"twitter:label2\" content=\"Dur\u00e9e de lecture est.\">\n\t<meta name=\"twitter:data2\" content=\"1 minute\">\n<script type=\"application\/ld+json\" class=\"yoast-schema-graph\">{\"@context\":\"https:\/\/schema.org\",\"@graph\":[{\"@type\":\"Organization\",\"@id\":\"http:\/\/www.refuge-animaux-etretat.fr\/RefugeEtretat\/#organization\",\"name\":\"Refuge d'Etretat\",\"url\":\"http:\/\/www.refuge-animaux-etretat.fr\/RefugeEtretat\/\",\"sameAs\":[],\"logo\":{\"@type\":\"ImageObject\",\"@id\":\"http:\/\/www.refuge-animaux-etretat.fr\/RefugeEtretat\/#logo\",\"inLanguage\":\"fr-FR\",\"url\":\"http:\/\/www.refuge-animaux-etretat.fr\/RefugeEtretat\/wp-content\/uploads\/2018\/09\/Refuge-Etretat-logo.png\",\"width\":413,\"height\":413,\"caption\":\"Refuge d'Etretat\"},\"image\":{\"@id\":\"http:\/\/www.refuge-animaux-etretat.fr\/RefugeEtretat\/#logo\"}},{\"@type\":\"WebSite\",\"@id\":\"http:\/\/www.refuge-animaux-etretat.fr\/RefugeEtretat\/#website\",\"url\":\"http:\/\/www.refuge-animaux-etretat.fr\/RefugeEtretat\/\",\"name\":\"Refuge d&#039;Etretat\",\"description\":\"\",\"publisher\":{\"@id\":\"http:\/\/www.refuge-animaux-etretat.fr\/RefugeEtretat\/#organization\"},\"potentialAction\":[{\"@type\":\"SearchAction\",\"target\":\"http:\/\/www.refuge-animaux-etretat.fr\/RefugeEtretat\/?s={search_term_string}\",\"query-input\":\"required name=search_term_string\"}],\"inLanguage\":\"fr-FR\"},{\"@type\":\"WebPage\",\"@id\":\"http:\/\/www.refuge-animaux-etretat.fr\/RefugeEtretat\/#webpage\",\"url\":\"http:\/\/www.refuge-animaux-etretat.fr\/RefugeEtretat\/\",\"name\":\"Refuge d&#039;Etretat | Accueil\",\"isPartOf\":{\"@id\":\"http:\/\/www.refuge-animaux-etretat.fr\/RefugeEtretat\/#website\"},\"datePublished\":\"2018-09-25T06:24:07+00:00\",\"dateModified\":\"2020-11-18T09:09:14+00:00\",\"description\":\"Refuge pour chiens situ\\u00e9 \\u00e0 Etretat, rue du Colonel Raynal.\",\"inLanguage\":\"fr-FR\",\"potentialAction\":[{\"@type\":\"ReadAction\",\"target\":[\"http:\/\/www.refuge-animaux-etretat.fr\/RefugeEtretat\/\"]}]}]}<\/script>\n<!-- \/ Yoast SEO plugin. -->","_links":{"self":[{"href":"http:\/\/www.refuge-animaux-etretat.fr\/RefugeEtretat\/wp-json\/wp\/v2\/pages\/17"}],"collection":[{"href":"http:\/\/www.refuge-animaux-etretat.fr\/RefugeEtretat\/wp-json\/wp\/v2\/pages"}],"about":[{"href":"http:\/\/www.refuge-animaux-etretat.fr\/RefugeEtretat\/wp-json\/wp\/v2\/types\/page"}],"author":[{"embeddable":true,"href":"http:\/\/www.refuge-animaux-etretat.fr\/RefugeEtretat\/wp-json\/wp\/v2\/users\/1"}],"replies":[{"embeddable":true,"href":"http:\/\/www.refuge-animaux-etretat.fr\/RefugeEtretat\/wp-json\/wp\/v2\/comments?post=17"}],"version-history":[{"count":257,"href":"http:\/\/www.refuge-animaux-etretat.fr\/RefugeEtretat\/wp-json\/wp\/v2\/pages\/17\/revisions"}],"predecessor-version":[{"id":638,"href":"http:\/\/www.refuge-animaux-etretat.fr\/RefugeEtretat\/wp-json\/wp\/v2\/pages\/17\/revisions\/638"}],"wp:attachment":[{"href":"http:\/\/www.refuge-animaux-etretat.fr\/RefugeEtretat\/wp-json\/wp\/v2\/media?parent=17"}],"curies":[{"name":"wp","href":"https:\/\/api.w.org\/{rel}","templated":true}]}}